{"id":2021207,"date":"2020-12-09T17:48:48","date_gmt":"2020-12-09T17:48:48","guid":{"rendered":"https:\/\/forloveatart.com\/?post_type=product&#038;p=2021207"},"modified":"2020-12-09T17:48:48","modified_gmt":"2020-12-09T17:48:48","slug":"los-prisioneros-son-los-de-afuera","status":"publish","type":"product","link":"https:\/\/forloveatart.com\/en\/producto\/los-prisioneros-son-los-de-afuera\/","title":{"rendered":"Los prisioneros son los de afuera"},"content":{"rendered":"<h3>Curr\u00edculum<\/h3>\n<p><strong>Paco Rossique<\/strong><\/p>\n<p><strong>2020<\/strong><br \/>\n<strong><br \/>\n<\/strong>Coordinaci\u00f3n y direcci\u00f3n de\u00a0<strong>CAAMSONORA<\/strong>: &#8220;<strong>De Ars Natura&#8221;<\/strong>\u00a0por\u00a0<strong>Tom\u00e1s Fl\u00f3rez.\u00a0<\/strong>CAAM 15 de julio de 2020.<\/p>\n<p>Participaci\u00f3n en<strong>\u00a0&#8220;Confinescapes&#8221;\u00a0<\/strong>album del sello\u00a0<strong>&#8220;Rep\u00fablica Ib\u00e9rica Ruidista&#8221;.\u00a0<\/strong>Recopilatorio sobre la reclusi\u00f3n, 19 de Abril 2020.<\/p>\n<p>Participaci\u00f3n en\u00a0<strong>&#8220;Ruido V\u00edrico 03&#8221;\u00a0<\/strong>festival de M\u00fasica Electr\u00f3nica por Streaming para sobrellevar el confinamiento en\u00a0<strong>Audiotalaia<\/strong>, Valencia, 4 de abril 2020.<\/p>\n<p>Participaci\u00f3n en<strong>\u00a0&#8220;Self Isolation Compilation&#8221;\u00a0<\/strong>album del sello brit\u00e1nico<strong>\u00a0&#8220;Linear Obsessional Recordings&#8221;.\u00a0<\/strong>Musicos confinados creando desde casa,\u00a0 Londres, 2 de Abril 2020.<\/p>\n<p>Participaci\u00f3n en\u00a0<strong>&#8220;Ruido V\u00edrico 01&#8221;\u00a0<\/strong>festival de M\u00fasica Electr\u00f3nica por Streaming para sobrellevar el confinamiento en\u00a0<strong>Audiotalaia<\/strong>, Valencia, 19,20,21 de marzo 2020.<\/p>\n<p>Coordinaci\u00f3n y direcci\u00f3n de\u00a0<strong>CAAMSONORA<\/strong>: &#8220;<strong>Taller de creaci\u00f3n sonora&#8221;<\/strong>\u00a0por\u00a0<strong>Hara Alonso.\u00a0<\/strong>CAAM 21 &amp; 22 de enero de 2020.<\/p>\n<p><strong>2019<\/strong><strong><br \/>\n<\/strong><\/p>\n<p>Exposici\u00f3n Colectiva\u00a0<strong>&#8220;Po\u00e9ticas de la mirada, el tacto y el olfato&#8221;<\/strong>(libros de artistas),\u00a0por Rom\u00e1n Hern\u00e1ndez Gonz\u00e1lez\u00a0<strong>en\u00a0S\/T. Espacio Cultural, Las Palmas de Gran Canaria,\u00a0<\/strong>31 de octubre a 29 de noviembre 2019.<\/p>\n<p>Coordinaci\u00f3n y direcci\u00f3n de CAAMSONORA:\u00a0Exposici\u00f3n en sala del CAAM, planta 2, del resultado de la acci\u00f3n sonora de los m\u00fasicos\u00a0<strong>Lyndel Apivor y Yeray Navarro<\/strong>. CAAM,\u00a019 julio &#8211;\u00a022 septiembre 2019.<br \/>\n<strong><br \/>\n<\/strong>Coordinaci\u00f3n y direcci\u00f3n de CAAMSONORA:\u00a0<a href=\"http:\/\/www.caam.net\/admon\/ckfinder\/userfiles\/images\/190718_CAAM-Sonora.jpg\" rel=\"nofollow noopener\" target=\"_blank\"><strong>Lyndel Apivor y Yeray Navarro<\/strong><\/a>. acci\u00f3n sonora &#8220;Dos es multitud&#8221;,\u00a0CAAM 18 de Julio de 2019.<\/p>\n<p>Coordinaci\u00f3n y direcci\u00f3n de CAAMSONORA:\u00a0<strong>Carlos Gonz\u00e1lez<\/strong>. acci\u00f3n sonora &#8220;Non\u00a0Linear Synthesis Aphorisms&#8221;, en paralelo a la exhibici\u00f3n de la\u00a0obra maestra del Museo Nacional del Prado\u00a0\u2018Ciego tocando la zanfon\u00eda\u2019 de Georges de La Tour.\u00a0\u00a0CAAM 13 de Junio de 2019<br \/>\n<strong><br \/>\n<\/strong>Exposici\u00f3n Colectiva\u00a0<strong>&#8220;Po\u00e9ticas de la mirada, el tacto y el olfato&#8221;<\/strong>(libros de artistas),\u00a0por Rom\u00e1n Hern\u00e1ndez Gonz\u00e1lez\u00a0en\u00a0<strong>el Desv\u00e1n Blanco, Santa Cruz de Tenerife,\u00a0<\/strong>18 de Mayo a 18 de Junio 2019.<\/p>\n<p>Coordinaci\u00f3n y direcci\u00f3n de CAAMSONORA:\u00a0<strong>Alberto Flores<\/strong>, conferencia \u201cLas aguas y lo salvaje&#8221; y <strong>Slavek Kwi, <\/strong>acci\u00f3n sonora &#8220;Lamas&#8221; CAAM 4 de Mayo de 2019.<\/p>\n<p>Coordinaci\u00f3n y direcci\u00f3n de CAAMSONORA:\u00a0<strong>Manolo Rodr\u00edguez<\/strong>\u00a0&#8220;Trampantojos&#8221; (Universo Manrique) CAAM, 25 de Abril 2019.<\/p>\n<p>Exposici\u00f3n individual\u00a0<strong>&#8220;Cartograf\u00eda del Env\u00e9s&#8221;<\/strong>. Espacio Cultural Real 21, Los Llanos de Aridane, La Palma, 26 Enero a 16 de Febrero 2019.<br \/>\n<strong><br \/>\n<\/strong><strong>2018<\/strong><\/p>\n<p>&#8220;Homenaje a Antonia Valero&#8221;. Exposici\u00f3n y acci\u00f3n colectiva en Espacio B, Calle Buenavista, 39, 28012 Madrid, del 22 de noviembre al 3 de diciembre 2018.Posteriormente las obras participantes se reunir\u00e1n en una caja y se donar\u00e1n al Museo Reina Sof\u00eda.<\/p>\n<p>&#8220;No Ver&#8221;. Aportaci\u00f3n sonora para la instalaci\u00f3n &#8220;Hurdle (Haikus&#8221; de Pedro D\u00e9niz, dentro de la exposici\u00f3n &#8220;El Dedo en el Ojo&#8221;, comisariada por Esther Aldaz. 20 de septiembre a 26 de octubre 2018, en Gran Canaria Espacio Digital, Las Palmas de Gran Canaria.<\/p>\n<p><strong><br \/>\n<\/strong>Escultura \u201cLa Casa de Ad\u00e1n en el Paraiso\u201d. Pago de la Cautiva, Venialbo, Toro, Zamora, inaugurada el 24 Agosto 2018 dentro del encuentro &#8220;Cautiva Luna 2018&#8221;.<\/p>\n<p>Exposici\u00f3n colectiva &#8220;C\u00e1ndido Candide&#8221; comisariada por Luis Francisco P\u00e9rez. CAAM, Centro Atl\u00e1ntico de Arte Moderno, Las Palmas, 5 de Julio a 21 de Octubre 2018.<\/p>\n<p>Exposici\u00f3n colectiva &#8220;Boliches Marbles&#8221; comisariada por Orlando Britto Jinorio. CAAM, Centro Atl\u00e1ntico de Arte Moderno, Las Palmas, 5 de Julio a 26 de Agosto 2018.<\/p>\n<p>Exposici\u00f3n colectiva Librarte; Feria del Libro de Artista Galer\u00eda ASPA Contemporary. en el monasterio de San Juan de Burgos. 27,28 y 29 Abril 2018.<\/p>\n<p>Coordinaci\u00f3n y direcci\u00f3n de CAAMSONORA,\u00a0<strong>Jos\u00e9 Iges<\/strong>: DEDICATORIAS, present-acciones. CAAM, 27 de Abril 2018.<\/p>\n<p>Coordinaci\u00f3n y direcci\u00f3n de CAAMSONORA, Taller de Paisaje Sonoro y microfon\u00eda.\u00a0\u00a0<strong>Edu Comelles<\/strong>. CAAM, 4 y 5 de Abril 2018.<\/p>\n<p>Coordinaci\u00f3n y direcci\u00f3n de CAAMSONORA, Acci\u00f3n sonora\u00a0\u00a0<strong>Edu Comelles<\/strong>. CAAM, 3 de Abril. 2018<\/p>\n<p><strong>2017<\/strong><br \/>\n<strong><br \/>\n<\/strong>Comisariado de \u201cPo\u00e9tica del Sonido III, Reflexi\u00f3n sobre el sonido en la Arquitectura&#8221;. 29 y 30 de Noviembre 2017.\u00a0<strong>Carlos Su\u00e1rez<\/strong>, Centro de Arte La Regenta, Las Palmas G.C.<br \/>\n<strong><br \/>\n<\/strong>Coordinaci\u00f3n y direcci\u00f3n de CAAMSONORA, Acci\u00f3n sonora &#8220;Todo lo que no&#8221;\u00a0<strong>Carmen Ojeda.\u00a0<\/strong>CAAM, 3 de Noviembre 2017<br \/>\n<strong><br \/>\n<\/strong>Reacondicionamiento del Mural &#8220;La ciudad de la mirada&#8221;, &#8220;La Ciudad en el Museo. Foro de Arte Contempor\u00e1neo (CEMFAC), Los Llanos de Aridane, La Palma, Octubre 2017.<br \/>\n<strong><br \/>\n<\/strong>Exposici\u00f3n Colectiva &#8220;Autores de la Galer\u00eda&#8221;, Galer\u00eda de Arte Aspa Contemporary, Madrid,\u00a01 al 24 de julio 2017.<\/p>\n<p><b><br \/>\n<\/b>Coordinaci\u00f3n y direcci\u00f3n de CAAMSONORA, Acci\u00f3n sonora &#8220;Islas Sonoras&#8221;\u00a0<strong>Hara Alonso.\u00a0<\/strong>CAAM, 21 de Julio 2017<br \/>\n<strong><br \/>\n<\/strong>Conferencia introductoria al ciclo CAAMSONORA ,\u00a0\u2018NO M\u00daSICA, Notas de presentaci\u00f3n de CAAMSONORA\u2019 &#8211; CAAM, Las Palmas, 1 de Junio 2017<\/p>\n<p>&nbsp;<\/p>\n<p>Exposici\u00f3n Colectiva fin de temporada,\u00a0Galer\u00eda de Arte Magda L\u00e1zaro, Santa Cruz de Tenerife, 26 Mayo \u2013 14 Julio 2017.<\/p>\n<p>Exposici\u00f3n colectiva \u201cImpropio\u201d C\u00edrculo de Bellas Artes de Tenerife, Santa Cruz de Tenerife, del 19 de Mayo al 17 de Junio 2017.<\/p>\n<p>Exposici\u00f3n colectiva \u201cIntercambiables 05\u201d Galer\u00eda El Foro, Madrid, del 20 al 28 de abril 2017.<\/p>\n<p>Exposici\u00f3n individual &#8220;En los m\u00e1rgenes del Relato&#8221;. Galer\u00eda de Arte Aspa Contemporary, Madrid, 30 Marzo a 6 de Mayo 2017.<\/p>\n<p>Participaci\u00f3n con el tema sonoro \u201cCueva de los Verdes\u201d en el libro &#8220;Penumbra&#8221; de Adonay Berm\u00fadez. Editorial Micromegas. 2017\u00a0Colecci\u00f3n Booth.<\/p>\n<h3>Artwork para el disco de Martijn Comes &#8220;Interrogation of the Crystalline Sublime&#8221;. Moving Furniture Records 21 Marzo 2017.<\/h3>\n<p>Exposici\u00f3n colectiva &#8220;Totum revolutum\u201d Centro Cultural de Gu\u00eda de Isora, Tenerife, 21 Enero &#8211; 24 Febrero 2017.<\/p>\n<p>Participaci\u00f3n con la Acci\u00f3n \u201c\u00bfQu\u00e9?\u201d De Pedro D\u00e9niz y Paco Rossique en la exposici\u00f3n \u201cDel CAAM a Juan Hidalgo\u201d, Centro Atl\u00e1ntico de Arte Moderno. Las Palmas de Gran Canaria, 11 de Enero 2017.<\/p>\n<p><strong>2016<\/strong><strong>\u00a0<\/strong><\/p>\n<h3>Disco colectivo &#8221;\u00a0Utterances&#8221; en el sello\u00a0Linear Obsessional Recordings LOR 085D, Londres, Inglaterra.<\/h3>\n<h3>V\u00eddeo &#8220;Bajo la piel del mundo\u201d, para la exposici\u00f3n hom\u00f3nima de Andr\u00e9s Delgado Diciembre 2016.<\/h3>\n<p>Exposici\u00f3n colectiva &#8220;Totum revolutum\u201d Galer\u00eda de Arte Magda L\u00e1zaro, Santa Cruz de Tenerife, 18 Noviembre 2016 &#8211; 13 Enero 2017.<\/p>\n<p>Exposici\u00f3n individual &#8220;Palimpsestos&#8221;,\u00a0Centro Cultural Casa de los Coroneles, La Oliva, Fuerteventura,\u00a0del 30\u00a0de Septiembre al 19 Noviembre 2016.<\/p>\n<p>Exposici\u00f3n individual &#8220;Palabras Menhires&#8221;,\u00a0C\u00edrculo de Bellas Artes, Madrid.del 20\u00a0de Septiembre al 6 Noviembre 2016.<\/p>\n<p>Huerto Cerrado, Pieza para la Pascua Florida, Ayuntamiento de Gu\u00eda de Isora, Tenerife,\u00a024 al\u00a029 de marzo de 2016.<\/p>\n<p>Exposici\u00f3n individual &#8220;Palimpsestos&#8221;, del 19 de Marzo al 29 de Abril 2016, Centro Cultural de Gu\u00eda de Isora, Tenerife.<\/p>\n<p>Exposici\u00f3n individual &#8220;Palimpsestos&#8221;, del 4 de Febrero al 11 de Marzo 2016, Galer\u00eda Magda L\u00e1zaro, Santa Cruz de Tenerife.<\/p>\n<p><strong><br \/>\n<\/strong>Presentaci\u00f3n de Papel Engomado n\u00ba 8, 23 Enero, en\u00a0la galer\u00eda Pepita Lumier (Valencia).<\/p>\n<p><strong>2015<\/strong><br \/>\n<strong><br \/>\n<\/strong>Presentaci\u00f3n de Papel Engomado n\u00ba 8, 21 &#8211; 27 Diciembre, en\u00a0Solar, (Sta. Cruz de Tenerife).<\/p>\n<p>Exposici\u00f3n colectiva &#8220;El grabado: \u00bfuna historia en papel?&#8221;, !7 Diciembre 2015 &#8211; 19 Marzo 2016. Centro Cultural Cicca, Las Palmas de Gran Canaria.<\/p>\n<p>Proyecci\u00f3n del V\u00eddeo \u201cLa Mitad del Mundo\u201d,\u00a0Viernes, 27 de noviembre 2015,\u00a0Cuarto Oscuro \u2013 TEA Tenerife Espacio de las Artes, Santa Cruz de Tenerife.<\/p>\n<p>Exposici\u00f3n individual &#8220;Dimes y diretes, Rostros&#8221;, del 7 de Octubre al 12 de Noviembre 2015, Centro de Artes Pl\u00e1sticas del Cabildo insular de Gran Canaria, Las Palmas de Gran Canaria.<\/p>\n<p>Comisariado del fanzine \u201cPapel engomado n\u00ba 8\u201d y exposici\u00f3n Colectiva &#8220;La Cena&#8221;, Galeria estudio de Andr\u00e9s Delgado, Madrid y S\/T espacio cultural Las Palmas de Gran Canaria. Septiembre \u2013 Noviembre 2015.<\/p>\n<p>Comisariado de la exposici\u00f3n \u201cPo\u00e9tica del Sonido: del sonido consciente\u201d, conferencia \u201cRuido y Silencio\u201d. Octubre\u00a02015.\u00a0Centro de Arte La Regenta, Las Palmas G.C.<\/p>\n<p>Exposici\u00f3n colectiva &#8220;Collective Summerexhibition&#8221;. Galer\u00eda Krabbe;\u00a010 Julio -12 Septiembre 2015. Frigiliana (M\u00e1laga).<\/p>\n<p>Participaci\u00f3n con el V\u00eddeo &#8220;Sin Retorno&#8221; (Realizaci\u00f3n y m\u00fasica original) en la Exposici\u00f3n Colectiva &#8220;Met\u00e1foras del Exilio&#8221;. Fundaci\u00f3n Juan Negr\u00edn; 18 Junio al 19 Octubre 2015. Las Palmas de Gran Canaria.<\/p>\n<p>Exposici\u00f3n\u00a0colectiva &#8220;Objetos&#8221;. Galer\u00eda Magda L\u00e1zaro; 5 de Junio &#8211; 10 Julio 2015. Santa Cruz de Tenerife.<\/p>\n<p>Exposici\u00f3n colectiva &#8220;Pentagrama&#8221;. S\/t Espacio Cultural; 15-30 de Mayo 2015. Las Palmas de Gran\u00a0Canaria.<br \/>\n<strong><br \/>\n<\/strong>Disco &#8220;Collages and Dispersions&#8221;, Mayo 2015,\u00a0Linear Obsessional Records (LOR063). Londres.\u00a0Inglaterra.<\/p>\n<p>Pieza musical &#8220;Luj\u00e1n&#8221; para &#8220;Cuaderno de viaje para una exposici\u00f3n&#8221; de Jos\u00e9 Domingo Nu\u00f1ez Hern\u00e1ndez, dentro de la exposici\u00f3n &#8220;Luj\u00e1n P\u00e9rez, el hombre y la obra 200 a\u00f1os despu\u00e9s&#8221; San Mart\u00edn Centro de cultura contempor\u00e1nea,\u00a0Del 28\/04\/2015 al 30\/08\/2015. Las Palmas de Gran Canaria.<\/p>\n<p>Mural &#8220;Paisaje Sonoro&#8221; Enero 2015, realizado en Edificio \u00a0de viviendas dise\u00f1ado por el arquitecto D. Francisco Jes\u00fas P\u00e9rez Chica y situado en la parcela RC-4F del SUNP-1 de Ja\u00e9n.<\/p>\n<p>Participaci\u00f3n con el tema &#8220;Lentamente geom\u00e9trica\u201d (04:58) de mi disco &#8220;Caves&#8221;, Audiotalaia 2014 en el evento &#8220;Art&#8217;s Birthday&#8221; 17 Enero, comisariado por\u00a0<strong>Oswaldo P\u00e9rez Cabrera y programado por Javier Pi\u00f1ango.\u00a0<\/strong><strong>CiTR Radio de Vancouv<\/strong>er, Canad\u00e1.<\/p>\n<p><strong>2014\u00a0<\/strong><br \/>\n<strong><br \/>\n<\/strong>Disco colectivo &#8220;Two minutes left&#8221; en el sello\u00a0Linear Obsessional Recordings LOR 061 Londres, Inglaterra.<\/p>\n<p>Participaci\u00f3n con el tema\u00a0&#8220;Lentamente geom\u00e9trica\u201d (04:58) de mi disco &#8220;Caves&#8221;, Audiotalaia 2014\u00a0en el evento &#8220;Gap in the air&#8221; entre el 2 y el 20 de diciembre, comisariado por Edu Comelles. Edimburgo, Escocia.<\/p>\n<p>Exposici\u00f3n de d\u00fao \u201cInsieme delle Parti\u201d con Ricardo Montesdeoca. 17 \u2013 31 Oct 2014. \u00a0en S\/T espacio cultural, Las Palmas de Gran Canaria.<\/p>\n<p>Exposicion colectiva \u201cCruce de Colecciones\u201d, CAAM, 16 Oct 2014 &#8211; 25 Enero 2015. Las Palmas de Gran Canaria.<\/p>\n<p>Disco colectivo \u201cEtched Traumas Vol. II 2011\u200b-\u200b2013 [ET25\u200b-\u200bET50]\u201d Atenas, Grecia.<\/p>\n<p>Disco colectivo \u201c[RIR027] Rep\u00fablica Ib\u00e9rica Ruidista \u2013 Limo\u201d Murcia, Espa\u00f1a.<\/p>\n<p>V\u00eddeo, M\u00fasica e imagen ilustrativa para la exposici\u00f3n \u201cLa Mitad del Mundo\u201d, Desde el 1 al 8 de Agosto 2014\u00a0en S\/T espacio cultural, Las Palmas de G.C.\u00a0y desde el 20 al 26 de Agosto 2014 en Manta (Manab\u00ed) El Ecuador.<\/p>\n<p>Exposici\u00f3n colectiva<strong>\u00a0<\/strong>\u201cEl Quijote en el Mundo\u201d. Del 12 Junio al 2 Julio 2014, en el Centro \u201cFonda Medina\u201d, Guimar, Tenerife.<\/p>\n<p>Exposici\u00f3n colectiva &#8220;Art-Reset&#8221;, Del 7 al 21 de Marzo 2014, en S\/T espacio cultural, Las Palmas de G.C.<\/p>\n<p>Comisariado de la exposici\u00f3n \u201cPo\u00e9tica del Sonido, C\u00e1psulas de escucha I, Murmullos. Del 6 de marzo al 26 de abril. Centro de Arte La Regenta, Las Palmas G.C.<\/p>\n<p>Disco monogr\u00e1fico &#8220;at070 Paco Rossique &#8211; Caves&#8221;, 7 de Febrero 2014, Audiotalaia, Valencia<\/p>\n<p><strong>2013 \u00a0<\/strong>Participaci\u00f3n en el disco &#8220;Button Box&#8221;,\u00a023 Diciembre 2013,\u00a0Linear Obsessional records, Londres, UK.<\/p>\n<p>Exposici\u00f3n colectiva \u201cIniciaci\u00f3n al coleccionismo\u201d, 20 Diciembre 2013 &#8211; 5 de Enero 2014, Galeria Marietta Negueruela, Palencia<\/p>\n<p>Exposici\u00f3n colectiva &#8220;Mercado del Arte&#8221;, 5 de Diciembre 2013 a 5 de Enero 2014, en S\/T espacio cultural, Las Palmas de G.C.<\/p>\n<p>Disco monogr\u00e1fico &#8220;RIR 018 Paco Rossique &#8211; Sombra del d\u00eda despu\u00e9s&#8221;, Octubre 2013, Rep\u00fablica Ib\u00e9rica Ruidista, Murcia.<\/p>\n<p>Mixtape para &#8220;La mina y su sonido&#8221;, Octubre 2013, proyecto coordinado por Jos\u00e9 Manuel Costa y Juanjo Palacios, en el marco de la exposici\u00f3n &#8220;Aprendiendo de las Cuencas&#8221;, LaBoral, Centro de Arte y creaci\u00f3n industrial, Gij\u00f3n.<\/p>\n<p>Participaci\u00f3n en el disco &#8220;Preque rien&#8221;, Octubre 2013, Rhizome`s, Francia-Portugal.<\/p>\n<p>Exposici\u00f3n colectiva \u201cErotika\u201d, del 5 de Julio a 15 Agosto 2013, S\/T Espacio Cultural, Las Palmas de Gran Canaria.<\/p>\n<p>Participaci\u00f3n en el disco &#8220;Ruidos del trabajo y sonidos de resistencia&#8221;, Agosto 2013. Convocado por\u00a0<a href=\"http:\/\/www.radiolibre.co\/\" rel=\"nofollow noopener\" target=\"_blank\">Radiolibre<\/a>\u00a0\/\u00a0<a href=\"http:\/\/www.sonema.org\/\" rel=\"nofollow noopener\" target=\"_blank\">Sonema<\/a>\u00a0\/\u00a0<a href=\"http:\/\/www.tesladream.org\/\" rel=\"nofollow noopener\" target=\"_blank\">El sue\u00f1o de Tesla<\/a>\u00a0y comisariado por Camilo Cantor \/ Chinowski Garachana, Medell\u00edn \/ Bogot\u00e1 \/ M\u00e1laga, Colombia.<\/p>\n<p>Disco monogr\u00e1fico \u201cBoulevard canvas\u201d, 21 de Mayo 2013 Segundo EP para el sello\u00a0<a href=\"http:\/\/www.etchedtraumas.net\/\" rel=\"nofollow noopener\" target=\"_blank\">Etched Traumas<\/a>, Atenas, Grecia<\/p>\n<p>Feria MASQUELIBROS 17,18 y 19 de Mayo 2013, COAM y Tres en Suma, Madrid.<\/p>\n<p>Participaci\u00f3n en el disco &#8220;LEA08 Sonidos en Recesi\u00f3n&#8221;, Abril 2013, La escucha Atenta, Gij\u00f3n.<\/p>\n<p>Exposici\u00f3n colectiva \u201cInauguraci\u00f3n de estudio\u201d Pintura (Andr\u00e9s Delgado y Paco Rossique), Gastro-Arte (Jhon Restrepo y Myriam Garrido), M\u00fasica (Diego Ojeda y Sergio Alzola) y V\u00eddeos (Isabel Coll, Pedro Estepa y Elena Ferr\u00e1ndiz, Caridad Fern\u00e1ndez y Ana Solano) \u00a016 Febrero 2013, Espacio San Mill\u00e1n 2, Madrid<\/p>\n<p>Exposici\u00f3n colectiva \u201c12 fotos para 2013\u201d, Colecci\u00f3n APM, 18 Enero al 1 de Febrero 2013 \u00a0Galer\u00eda S\/T Espacio cultural, Las Palmas de Gran Canaria.<\/p>\n<p><strong>2012<\/strong>\u00a0\u00a0Exposici\u00f3n colectiva \u201cIniciaci\u00f3n al coleccionismo\u201d 18 Diciembre 2012 a 18 de Enero 2013 Galeria de Arte Gaud\u00ed, Madrid.<\/p>\n<p>Exposici\u00f3n colectiva \u201cVersos\u201d 30 Noviembre 2012 a 11 de Enero 2013 Galeria Manuel Ojeda, Las Palmas de Gran Canaria.<\/p>\n<p>Exposici\u00f3n colectiva \u201cArt Market\u201d, del 30 Nov 2012 al 5 Ene 2013, S\/T Espacio cultural, Las Palmas de Gran Canaria.<\/p>\n<p>&nbsp;<\/p>\n<p>Exposici\u00f3n colectiva \u201cIniciaci\u00f3n al coleccionismo\u201d 21 Diciembre 2012 a 6 de Enero 2013 Galeria Marietta Negueruela, Palencia.<\/p>\n<p>Exposici\u00f3n individual &#8220;Narrativa pendiente&#8221;, del 16 de Noviembre al 9 de Diciembre, Galer\u00eda La C\u00e1psula, Madrid.<\/p>\n<p>Libro de artista &#8220;Concreta&#8221;, Gas editions, 100 + 25 ejemplares, 22 Octubre.<\/p>\n<p>Exposici\u00f3n individual &#8220;Palimpsestos&#8221;, del 28 de Septiembre al 26 de Octubre, Galer\u00eda de Arte de la Universidad de Las Palmas de Gran Canaria<\/p>\n<p>Feria de Antig\u00fcedades, Dise\u00f1o y Arte Contempor\u00e1neo Halle Diraty, Biarritz, Del 11 al 15 de Agosto, Galer\u00eda Marietta Negueruela, Biarritz, Francia.<\/p>\n<p>Exposici\u00f3n colectiva \u201cArteando\u201d, del 19 al 23 de Julio, Galer\u00eda Marietta Negueruela, Ir\u00fan.<\/p>\n<p>Exposici\u00f3n de grupo \u201cDe Riberas y Palimpsestos\u201d, con Andr\u00e9s Delgado, 5 de Julio al 8 de Septiembre. Galer\u00eda Krabbe, Frigiliana, M\u00e1laga<\/p>\n<p>Exposici\u00f3n colectiva \u201cOir Arte\u201d, Exposici\u00f3n y audiciones sobre arte sonoro, 1, 3, 8 Y 10 de Junio, Tres en suma espacio de arte, Madrid.<\/p>\n<p>Mixtape para &#8220;El arte y su sonido&#8221;, proyecto coordinado por Jos\u00e9 Manuel Costa y Juanjo Palacios, en el marco de la exposici\u00f3n &#8220;Visualizar el sonido&#8221;, Mayo 2012, LaBoral, Centro de Arte y creaci\u00f3n industrial, \u00a0Gij\u00f3n.<\/p>\n<p>Exposici\u00f3n colectiva \u201cIniciaci\u00f3n al coleccionismo\u201d 10-12 de Mayo, Galeria Marietta Negueruela, Madrid<\/p>\n<p>Exposici\u00f3n colectiva \u201cArt Books\u201d, Libros de artista en Canarias, 24 Abril &#8211; 5 de Mayo, Centro de Arte La Regenta, Las Palmas de Gran Canaria.<\/p>\n<p>Banda sonora \u201creconciliarme\u201d para el v\u00eddeo realizado con motivo de la presentaci\u00f3n de &#8220;Exploradores del abismo, un paseo ambiguo&#8221; de Jos\u00e9 Juan Torres durante el ciclo Photobrik en el CAAM de Las Palmas de Gran Canaria el 15 de Marzo de 2012.<\/p>\n<p>Mural &#8220;Habitat ad Schola&#8221; Febrero 2012, realizado en Edificio Sociocultural y de Formaci\u00f3n situado en la parcela CI-9P18 de Granada.<\/p>\n<p>Exposici\u00f3n colectiva &#8220;Nulla Aesthetica sine Ethica&#8221;, 11\u00aa Bienal Mart\u00ednez Guerricabeitia, 14 Febrero &#8211; 8 de Abril, Museo de la Ciudad, Valencia.<\/p>\n<p><strong>2011<\/strong>\u00a0Exposici\u00f3n individual \u201cDe Quimeras y sombras\u201d Colegio Oficial de Arquitectos, Ja\u00e9n.<\/p>\n<p>Exposici\u00f3n de grupo \u201c90%Agua\u201d, con M\u00f3nica Aranegui y Jos\u00e9 J. Torres. Biblioteca de la Universidad Carlos III, Campus de Colmenarejo, Madrid.<\/p>\n<p>Exposici\u00f3n colectiva \u201cArte Postal 2011\u201d, Galer\u00eda Krabbe, Frigiliana, M\u00e1laga.<\/p>\n<p>Exposici\u00f3n individual \u201cCosta de las Piedras\u201d Sala de Exposiciones Gaspar Becerra, Ilte Ayto de Baeza, Ja\u00e9n.<\/p>\n<p>Galer\u00eda Manuel Ojeda. Las Palmas de Gran Canaria. Exposici\u00f3n Colectiva \u201cLa memoria de papel\u201d.<\/p>\n<p><strong>2010\u00a0<\/strong>Realizaci\u00f3n de dos murales \u201cPaseo de la memoria\u201d y &#8220;Otra gala a Lagarto&#8221; en edificio de 195 viviendas del Arquitecto Francisco P\u00e9rez Chica, murales de 100 y 70 mts2. aproximadamente, en el Paseo de Espa\u00f1a (Bulevar) en Ja\u00e9n.<\/p>\n<p>Galer\u00eda Manuel Ojeda. Las Palmas de Gran Canaria. Exposici\u00f3n Colectiva \u201cObject-Art\u201d.<\/p>\n<p><strong>2009<\/strong>\u00a0\u201cUna tierra para el futuro: desarrollo sostenible\u201d. Banda sonora. Museo Elder de la ciencia y tecnolog\u00eda Las Palmas de Gran canaria.<\/p>\n<p>\u201cTiempos Modernos, Tiempos actuales\u201d. Fondos art\u00edsticos de la Caja de Canarias. CICCA Las Palmas de Gran Canaria.<\/p>\n<p>\u201cTerritorio y Paisaje insular\u201d. Plan Territorial Especial del paisaje de Gran Canaria. Banda Sonora. Bienal de Canarias<\/p>\n<p><strong>2008<\/strong>\u00a0Caja de vinos para el &#8220;Gabinete Gastron\u00f3mico&#8221;. Las Palmas de Gran Canaria.<\/p>\n<p>Mural \u201cHorizonte\u201d para estudio de arquitectos &#8220;Grupo 77&#8243;. Las Palmas de Gran Canaria.<\/p>\n<p>Tr\u00edptico y Mural \u201cJuegos de Papiroflexia&#8221; para taberna Zahartxu. Las Palmas de Gran Canaria.<\/p>\n<p><strong>2007<\/strong>\u00a0Escultura \u201cCasamata para pasear\u201d en parque Arrecife, en Arrecife de Lanzarote, Islas Canarias.<\/p>\n<p>Exposici\u00f3n \u201cLa Escuela en el Museo\u201d Interpretaci\u00f3n infantil de los murales de la Cemfac en Los Llanos. Sala de arte y Cultura de Caja Canarias Los Llanos de Aridane, La Palma, Islas Canarias.<\/p>\n<p>Club Prensa Canaria. Las Palmas de Gran Canaria. Exposici\u00f3n individual \u201cContinuum\u201d.<\/p>\n<p><strong>2006<\/strong>\u00a0Realizaci\u00f3n de dos murales \u201cEl R\u00edo de la luz\u201d en edificio de 154 viviendas del Arquitecto Francisco P\u00e9rez Chica, murales de 120 mts2. aprox, cada uno en el barrio de Almanj\u00e1yar, Granada.<\/p>\n<p><strong>2005-6<\/strong>\u00a0Estudios de color y armonizaci\u00f3n de las edificaciones para siete n\u00facleos urbanos en el T\u00e9rmino Municipal de Mog\u00e1n, isla de Gran Canaria.<\/p>\n<p><strong>2004<\/strong>\u00a0ARCO 2004 \u201cCemfac, La ciudad en el museo, Foro de Arte Contempor\u00e1neo. Ayuntamiento de los Llanos de Aridane (La Palma)<\/p>\n<p>Realizaci\u00f3n de Mural \u201cLos doce elementos\u201d en el tambor de la c\u00fapula del edificio de recepci\u00f3n del Hotel Cordial Mog\u00e1n Playa, mural de 420 mts2. Aprox. en Puerto de Mog\u00e1n, Mog\u00e1n Islas Canarias.<\/p>\n<p>Galer\u00eda Manuel Ojeda. Las Palmas de Gran Canaria. Exposici\u00f3n Individual \u201cRelatos di-versos\u201d. Realizaci\u00f3n del Mural \u201cEspacio para permanecer\u201d en las paredes de la Galer\u00eda con motivo de la exposici\u00f3n.<\/p>\n<p><strong>2003<\/strong>\u00a0Circulo de Bellas Artes de Madrid, Itinerante por las 7 Islas Canarias y Barcelona. Incluido en la Exposici\u00f3n colectiva \u201cCanarias 20. Veinte a\u00f1os de Autonom\u00eda, veinte a\u00f1os de progreso\u201d.<\/p>\n<p><strong>2002-3<\/strong>\u00a0Galer\u00eda Manuel Ojeda, Las Palmas de G.C. Exposici\u00f3n colectiva \u201cStudio y h\u00e1bitat\u201d.<\/p>\n<p><strong>2002<\/strong>\u00a0Centro de Arte Santo Domingo. Teguise, Lanzarote. Exposici\u00f3n individual \u201cSopa de letras\u201d.<\/p>\n<p>Publicaci\u00f3n en \u201cAtl\u00e1ntica\u201d revista de arte y pensamiento n\u00ba 32, del portafolio \u201cDe la profesi\u00f3n de artista\u201d de 6 p\u00e1gs.<\/p>\n<p><strong>2001-2<\/strong>\u00a0Sala de exposiciones la Granja (Tfe.). Centro de Arte La Regenta (Lp.) Itinerancia por las otras 5 islas Canarias. Incluido en la Exposici\u00f3n colectiva \u201cCanarias siglo XX, Instrumentos para el an\u00e1lisis del arte de un siglo\u201d.<\/p>\n<p><strong>2000-1<\/strong>\u00a0Parque de Santa Catalina, Las Palmas de G.C. y La laguna de Valleseco, Gran Canaria. Realizaci\u00f3n y exposici\u00f3n de un obelisco para \u201cObeliscos para el 2001\u201d, obra en exposici\u00f3n en estos momentos.<\/p>\n<p><strong>2000<\/strong>\u00a0Realizaci\u00f3n de Mural en fachada \u201cLa ciudad de la mirada\u201d, mural de 60 mts2. Aprox. en Los Llanos de Aridane, La Palma, con motivo del centenario de la ciudad. Los Llanos de Aridane. La Palma. Exposici\u00f3n colectiva y presentaci\u00f3n de v\u00eddeo \u201cLa Ciudad en el museo, Espacios del siglo XXI&#8221;.<\/p>\n<p>Sala del llt. Colegio de Abogados Las Palmas G.C. Exposici\u00f3n Individual &#8220;Laberinto&#8221;.<\/p>\n<p><strong>1999<\/strong>\u00a0Realizaci\u00f3n de Mural \u201cSe ven igual de azules\u201d, Teatro Cuy\u00e1s, B\u00f3veda principal del Vest\u00edbulo de acceso al Teatro, mural de 100 mts2. Aprox. C\/ Viera y Clavijo de Las Palmas de Gran Canaria.<\/p>\n<p>Realizaci\u00f3n de Mural \u201cEl rostro de la luz\u201d, Teatro Cuy\u00e1s, Pared medianera en el edificio de oficinas, mural de 450 mts2. Aprox. C\/ Viera y Clavijo de Las Palmas de Gran Canaria.<\/p>\n<p><strong>1998\u20132000<\/strong>\u00a0Ilustrador del semanario \u201cSiete D\u00edas\u201d.<\/p>\n<p><strong>1998<\/strong>\u00a0Instituto Cabrera Pinto. La Laguna, Tenerife. Exposici\u00f3n Colectiva \u201cEndechas a la muerte de Guill\u00e9n Peraza&#8221;.<\/p>\n<p>Sala C.O.A.A.T. Las Palmas de Gran Canaria. Exposici\u00f3n Colectiva.<\/p>\n<p>Sala C.O.A.A.T. Puerto del Rosario. Exposici\u00f3n Colectiva.<\/p>\n<p>Realizaci\u00f3n de Mural en fachada \u201cLa casa de las manos\u201d, en la C\/ Domingo J. Navarro de Las Palmas de Gran Canaria. (Sede de la F.E.D.A.C.).<\/p>\n<p><strong>1997<\/strong>\u00a0Edificio Miller. Las Palmas de Gran Canaria. Exposici\u00f3n Colectiva &#8220;Efecto Placebo&#8221;.<\/p>\n<p>Edificio Miller. Las Palmas de Gran Canaria. Dise\u00f1o del espacio expositivo y direcci\u00f3n del montaje de la citada exposici\u00f3n.<\/p>\n<p>C.A.A.M. Las Palmas de Gran Canaria. Exposici\u00f3n Colectiva Fondos del C.A.A.M., \u00daltimas Tendencias&#8221;.<\/p>\n<p>Ilustre Colegio de Abogados de Las Palmas. Exposici\u00f3n de grupo &#8220;Paradojas&#8221;, con Leopoldo Emperador, Ruperto Cabrera y Gabriel Ortu\u00f1o.<\/p>\n<p>Casa Massieu Van Dalle. Los Llanos de Aridane, La Palma. Exposici\u00f3n Colectiva \u201cEndechas a la muerte de Guill\u00e9n Peraza&#8221;.<\/p>\n<p><strong>1995<\/strong>\u00a0Sala C.O.A.A.T. Puerto del Rosario. Exposici\u00f3n Colectiva.<\/p>\n<p><strong>1994<\/strong>\u00a0Sala San Antonio Abad. Las Palmas de Gran Canaria. Exposici\u00f3n Colectiva &#8220;Members Only&#8221;.<\/p>\n<p>Sala C.O.A.A.T. Las Palmas de Gran Canaria. Exposici\u00f3n Colectiva.<\/p>\n<p>Galer\u00eda El Almac\u00e9n. Arrecife de Lanzarote. Exposici\u00f3n Colectiva.<\/p>\n<p><strong>1993<\/strong>\u00a0C.I.C.C.A. Las Palmas de Gran Canaria. Exposici\u00f3n Individual &#8220;Paseando por los Bulevares&#8221;.<\/p>\n<p><strong>1992<\/strong>\u00a0Galer\u00eda Las Huelgas. Burgos. Exposici\u00f3n Individual &#8220;Habitaci\u00f3n de la mirada&#8221;.<\/p>\n<p>Galer\u00eda O\u00b4Tres. Las Palmas de Gran Canaria. Exposici\u00f3n Colectiva.<\/p>\n<p>Castillo de la Luz. Las Palmas de Gran Canaria. Exposici\u00f3n Colectiva &#8220;Abierto: Quince Tiempos&#8221;.<\/p>\n<p>Sala O\u00b4Daly 2. Sta. Cruz de la Palma. Exposici\u00f3n Individual \u201cLa Pared&#8221;.<\/p>\n<p><strong>1991<\/strong>\u00a0Galer\u00eda O\u00b4Tres. Las Palmas de Gran Canaria. Exposici\u00f3n Individual &#8220;Jard\u00edn de Madera&#8221;.<\/p>\n<p>Galer\u00eda XXI. Madrid. Exposici\u00f3n Individual &#8220;Habitaci\u00f3n de la mirada&#8221;.<\/p>\n<p><strong>1990<\/strong>\u00a0Galer\u00eda Magda L\u00e1zaro. Sta. Cruz de Tenerife. Exposici\u00f3n Individual &#8220;Acr\u00edlicos&#8221;.<\/p>\n<p><strong>1989<\/strong>\u00a0Sala San Antonio Abad. Las Palmas de Gran Canaria. Exposici\u00f3n Individual &#8220;Buscando Reflejos&#8221;.<\/p>\n<p>Galer\u00eda Magda L\u00e1zaro. Sta. Cruz de Tenerife. Exposici\u00f3n Colectiva fin de temporada.<\/p>\n<p><strong>1987<\/strong>\u00a0Galer\u00eda Factor\u00eda. Las Palmas de Gran Canaria. Exposici\u00f3n Individual &#8220;Acr\u00edlicos&#8221;.<\/p>\n<p><strong>1986<\/strong>\u00a0Galer\u00eda Radach &#8211; Novaro. Gran Canaria. Exposici\u00f3n Colectiva \u201cPeque\u00f1o Formato&#8221;.<\/p>\n","protected":false},"excerpt":{"rendered":"<p>Pintura acr\u00edlica sobre madera D.M, mide 24 cm. de alto por 19 cm. de largo.<\/p>\n","protected":false},"featured_media":2021206,"template":"","meta":[],"product_brand":[],"product_cat":[614,592,716,177],"product_tag":[173,168,154],"class_list":{"0":"post-2021207","1":"product","2":"type-product","3":"status-publish","4":"has-post-thumbnail","6":"product_cat-artistas","7":"product_cat-iniciacion-al-coleccionismo","8":"product_cat-paco-rossique","9":"product_cat-paintings","10":"product_tag-acrilico","11":"product_tag-arte-moderno-pintura","12":"product_tag-surrealismo","13":"product_shipping_class-caja","16":"instock","17":"sold-individually","18":"shipping-taxable","19":"purchasable","20":"product-type-simple"},"_links":{"self":[{"href":"https:\/\/forloveatart.com\/en\/wp-json\/wp\/v2\/product\/2021207","targetHints":{"allow":["GET"]}}],"collection":[{"href":"https:\/\/forloveatart.com\/en\/wp-json\/wp\/v2\/product"}],"about":[{"href":"https:\/\/forloveatart.com\/en\/wp-json\/wp\/v2\/types\/product"}],"version-history":[{"count":0,"href":"https:\/\/forloveatart.com\/en\/wp-json\/wp\/v2\/product\/2021207\/revisions"}],"wp:featuredmedia":[{"embeddable":true,"href":"https:\/\/forloveatart.com\/en\/wp-json\/wp\/v2\/media\/2021206"}],"wp:attachment":[{"href":"https:\/\/forloveatart.com\/en\/wp-json\/wp\/v2\/media?parent=2021207"}],"wp:term":[{"taxonomy":"product_brand","embeddable":true,"href":"https:\/\/forloveatart.com\/en\/wp-json\/wp\/v2\/product_brand?post=2021207"},{"taxonomy":"product_cat","embeddable":true,"href":"https:\/\/forloveatart.com\/en\/wp-json\/wp\/v2\/product_cat?post=2021207"},{"taxonomy":"product_tag","embeddable":true,"href":"https:\/\/forloveatart.com\/en\/wp-json\/wp\/v2\/product_tag?post=2021207"}],"curies":[{"name":"wp","href":"https:\/\/api.w.org\/{rel}","templated":true}]}}